{"version":"1.0","type":"rich","width":"560px","height":"140px","title":"\u0130K\u0130Y\u00dcZL\u00dc SERMAYEDARLAR: ELEKTR\u0130K SOYGUNU VE GREV D\u00dc\u015eMANLI\u011eI - Bu yay\u0131nda seninle Migros i\u015f\u00e7ilerinin grevini ve Isparta'da ger\u00e7ekle\u015fen elektrik kesintisi konular\u0131 konu\u015faca\u011f\u0131m. Sistem krizi ya\u015fayan \u00fclkemizin en temel problemi olan konular\u0131, daha geni\u015f bir pencereden ele alaca\u011f\u0131m.","url":"https:\/\/zirvaizm.com\/ikiyuzlu-sermayedarlar-elektrik-soygunu-ve-grev-dusmanligi\/","author_name":"Z\u0131rvaizm - Podcast yay\u0131nlar\u0131mda ekonominin seninle, toplumla ve \u00e7evren ile ili\u015fkisini  konu\u015fuyoruz. Ne, Neden ve Nas\u0131l sorular\u0131n\u0131 s\u0131k\u00e7a soruyoruz. E\u011fer sen de  ya\u015fam standartlar\u0131ndan, \u00e7al\u0131\u015fma \u015fartlar\u0131ndan ve \u00e7evresel yok olu\u015ftan \u015fikayet\u00e7iysen ve bir \u015feylerin de\u011fi\u015fmesi gerekti\u011fine inan\u0131yorsan, gel,  otur ve dinle. Yay\u0131n ba\u015fl\u0131yor. www.sevanonurduman.com","author_url":"https:\/\/zirvaizm.com","thumbnail_url":"https:\/\/zirvaizm.com\/wp-content\/uploads\/2022\/02\/bolum-8-ikiyuzlu-sermayedarlar-elektrik-soygunu-ve-grev-dusmanligi.jpg","html":"<iframe width=\"560px\" height=\"140px\" src=\"https:\/\/zirvaizm.com\/ikiyuzlu-sermayedarlar-elektrik-soygunu-ve-grev-dusmanligi\/?standalonePlayer\"><\/iframe>"}